

{"id":22348,"date":"2021-06-09T09:31:43","date_gmt":"2021-06-09T07:31:43","guid":{"rendered":"https:\/\/www.mon-cintre.com\/?post_type=product&#038;p=22348"},"modified":"2026-02-11T11:10:54","modified_gmt":"2026-02-11T10:10:54","slug":"6-mantel-kostum-franzosisch-lackiert-naturlich-45-cm","status":"publish","type":"product","link":"https:\/\/www.mon-cintre.com\/de\/produit\/6-mantel-kostum-franzosisch-lackiert-naturlich-45-cm\/","title":{"rendered":"6 Jacken- und Anzugb\u00fcgel in Esche &#8211; Naturholzfarbe (Breite 45 cm &#8211; Schulter 5,5 cm)"},"content":{"rendered":"<ul>\n<li>6 Luxus-Holzb\u00fcgel f\u00fcr M\u00e4ntel, Jacken und Anz\u00fcge<\/li>\n<li>Eschenholz, naturbelassener Lack<\/li>\n<li>Matte, gunmetalfarbene Haken<\/li>\n<li>360\u00ba drehbarer Haken<\/li>\n<li>Rutschfeste, cremefarben beflockte Leiste, die nicht fusselt<\/li>\n<li>Breite 45 cm<\/li>\n<li>Breite der Schulter 5,5 cm f\u00fcr einen perfekten Halt der Jacken ohne Verformung<\/li>\n<li>Abmessung der Leiste: 36,5 cm<\/li>\n<li>Hakendurchmesser 5 mm, H\u00f6he 8,5 cm<\/li>\n<li>Schachtel mit 6 Aufh\u00e4ngern<\/li>\n<li>Ideal f\u00fcr M\u00e4ntel, Jacken, Anz\u00fcge und Hosen<\/li>\n<li>Wartung: mit einem weichen, trockenen Tuch abstauben<\/li>\n<li>Wichtige Informationen zu unseren Kleiderb\u00fcgeln aus Holz: Holz ist ein Naturmaterial und unsere Bretter stammen direkt von B\u00e4umen. Jedes St\u00fcck Holz kann Variationen in Farbe, Maserung und Knoten aufweisen, die f\u00fcr den urspr\u00fcnglichen Baum und den verwendeten Teil des Baumes spezifisch sind. Diese Eigenschaften verleihen dem Holz Charme, ohne die Qualit\u00e4t oder Haltbarkeit unserer Kleiderb\u00fcgel zu beeintr\u00e4chtigen. Holz ist lebendig und kann auf Ver\u00e4nderungen der Luftfeuchtigkeit reagieren. Unsere Kleiderb\u00fcgel werden teilweise auch von Hand geformt. Diese handwerkliche Herstellung macht jeden Kleiderb\u00fcgel einzigartig und es k\u00f6nnen sehr leichte Unterschiede zwischen ihnen auftreten.<\/li>\n<\/ul>\n<p>Die NATURE-Kollektion wird sowohl M\u00e4nner als auch Frauen ansprechen. Sein nat\u00fcrlich lackiertes Holz in Kombination mit dem Rotguss-Haken passt in viele Innenr\u00e4ume. 12 Modelle von Kleiderb\u00fcgeln f\u00fcr alle Kleidungsst\u00fccke in Ihrem Kleiderschrank.<\/p>\n<p>Wird in einer wei\u00dfen Geschenkbox mit Logo geliefert. Jeder Aufh\u00e4nger ist einzeln in einer Schutzh\u00fclle verpackt.<\/p>\n<p><img loading=\"lazy\" decoding=\"async\" class=\"alignnone wp-image-10820 size-medium\" src=\"https:\/\/www.mon-cintre.com\/wp-content\/uploads\/2019\/02\/boite-cadeau-300x300.jpg\" alt=\"Boite cadeau Mon cintre\" width=\"300\" height=\"300\" srcset=\"https:\/\/www.mon-cintre.com\/wp-content\/uploads\/2019\/02\/boite-cadeau-300x300.jpg 300w, https:\/\/www.mon-cintre.com\/wp-content\/uploads\/2019\/02\/boite-cadeau-150x150.jpg 150w, https:\/\/www.mon-cintre.com\/wp-content\/uploads\/2019\/02\/boite-cadeau-100x100.jpg 100w, https:\/\/www.mon-cintre.com\/wp-content\/uploads\/2019\/02\/boite-cadeau.jpg 500w\" sizes=\"auto, (max-width: 300px) 100vw, 300px\" \/><\/p>\n<p>1 Meter Kleiderschrank = 11 B\u00fcgel<br \/>\n<img loading=\"lazy\" decoding=\"async\" class=\"alignnone size-full wp-image-147\" src=\"https:\/\/www.mon-cintre.com\/DEV\/wp-content\/uploads\/2018\/08\/17cintres.png\" alt=\"\" width=\"190\" height=\"19\" \/><\/p>\n<p>*Fotos sind nicht vertragsgem\u00e4\u00df.<br \/>\nBitte beachten Sie, dass sich die Farben von einem Bildschirm zum anderen ver\u00e4ndern, so dass es trotz aller Sorgfalt bei der Qualit\u00e4t unserer Fotos zu Abweichungen zwischen Bildschirm und Realit\u00e4t kommen kann.<\/p>\n","protected":false},"excerpt":{"rendered":"<ul>\n<li>6 Luxusb\u00fcgel f\u00fcr M\u00e4ntel, Jacken und Anz\u00fcge<\/li>\n<li>Nat\u00fcrlich lackierte Holzfarbe<\/li>\n<li>Breite 45 cm<\/li>\n<li>Breite der Schulter 5,5 cm<\/li>\n<li>Anti-Rutsch-Bar beflockt Samt Farbe Creme, professionelle Qualit\u00e4t, die<\/li>\n<li>nicht verlassen Faser<\/li>\n<li>Schachtel mit 6 Aufh\u00e4ngern<\/li>\n<li>Handgefertigt (<span style=\"text-decoration: underline;\"><a href=\"https:\/\/www.mon-cintre.com\/de\/handgemacht\/\">mehr lesen<\/a><\/span>)<\/li>\n<\/ul>\n<p>Bestellen Sie diese 6er-Packung Holzkleiderb\u00fcgel online. Sie zeichnen sich durch breite Schultern und eine rutschfeste Stange aus und eignen sich perfekt zum Aufh\u00e4ngen von Anz\u00fcgen, Jacken, M\u00e4nteln und Hosen. Ab einer Bestellmenge von 24 Kleiderb\u00fcgeln k\u00f6nnen Sie diese mit Ihren Initialen oder Ihrem Logo personalisieren.<\/p>\n","protected":false},"featured_media":29565,"comment_status":"open","ping_status":"closed","template":"","meta":{"inline_featured_image":false},"product_brand":[],"product_cat":[575,635,298,294,617,429,293,295,593,584,630,569,549],"product_tag":[],"class_list":{"0":"post-22348","1":"product","2":"type-product","3":"status-publish","4":"has-post-thumbnail","6":"product_cat-arten-kleiderbuegeln-de","7":"product_cat-gebogene-kleiderbuegel","8":"product_cat-holzbugel","9":"product_cat-hosenbugel","10":"product_cat-kleiderbuegel-grosse-45","11":"product_cat-naturliche-kollektion","12":"product_cat-kleiderbugel-fur-manner","13":"product_cat-kleiderbugel-fur-herrenanzuge","14":"product_cat-kleiderbuegel-breiten-schultern","15":"product_cat-kleiderbuegel-stange","16":"product_cat-kleiderbuegel-groesse","17":"product_cat-kleiderbuegelfarben","18":"product_cat-kleiderbuegel","20":"first","21":"instock","22":"taxable","23":"shipping-taxable","24":"purchasable","25":"product-type-simple"},"yoast_head":"<!-- This site is optimized with the Yoast SEO plugin v27.4 - https:\/\/yoast.com\/product\/yoast-seo-wordpress\/ -->\n<title>6 luxuri\u00f6se Kleiderb\u00fcgel f\u00fcr Jacke und Anzug in Aschschwarz geb\u00fcrstet<\/title>\n<meta name=\"description\" content=\"6 hochwertige Kleiderb\u00fcgel aus Eschenholz, modern und elegant in schwarz geb\u00fcrstet, eine Form, die speziell f\u00fcr die Pflege Ihrer Jacken und Anz\u00fcge entwickelt wurde.\" \/>\n<meta name=\"robots\" content=\"index, follow, max-snippet:-1, max-image-preview:large, max-video-preview:-1\" \/>\n<link rel=\"canonical\" href=\"https:\/\/www.mon-cintre.com\/de\/produit\/6-mantel-kostum-franzosisch-lackiert-naturlich-45-cm\/\" \/>\n<meta property=\"og:locale\" content=\"de_DE\" \/>\n<meta property=\"og:type\" content=\"article\" \/>\n<meta property=\"og:title\" content=\"6 luxuri\u00f6se Kleiderb\u00fcgel f\u00fcr Jacke und Anzug in Aschschwarz geb\u00fcrstet\" \/>\n<meta property=\"og:description\" content=\"6 hochwertige Kleiderb\u00fcgel aus Eschenholz, modern und elegant in schwarz geb\u00fcrstet, eine Form, die speziell f\u00fcr die Pflege Ihrer Jacken und Anz\u00fcge entwickelt wurde.\" \/>\n<meta property=\"og:url\" content=\"https:\/\/www.mon-cintre.com\/de\/produit\/6-mantel-kostum-franzosisch-lackiert-naturlich-45-cm\/\" \/>\n<meta property=\"og:site_name\" content=\"Mon Cintre\" \/>\n<meta property=\"article:modified_time\" content=\"2026-02-11T10:10:54+00:00\" \/>\n<meta property=\"og:image\" content=\"https:\/\/www.mon-cintre.com\/wp-content\/uploads\/2021\/06\/cintre-costume-bois-CLA4555BAR-NA-6.jpg\" \/>\n\t<meta property=\"og:image:width\" content=\"2000\" \/>\n\t<meta property=\"og:image:height\" content=\"2000\" \/>\n\t<meta property=\"og:image:type\" content=\"image\/jpeg\" \/>\n<meta name=\"twitter:card\" content=\"summary_large_image\" \/>\n<meta name=\"twitter:label1\" content=\"Gesch\u00e4tzte Lesezeit\" \/>\n\t<meta name=\"twitter:data1\" content=\"1\u00a0Minute\" \/>\n<script type=\"application\/ld+json\" class=\"yoast-schema-graph\">{\"@context\":\"https:\\\/\\\/schema.org\",\"@graph\":[{\"@type\":\"WebPage\",\"@id\":\"https:\\\/\\\/www.mon-cintre.com\\\/de\\\/produit\\\/6-mantel-kostum-franzosisch-lackiert-naturlich-45-cm\\\/\",\"url\":\"https:\\\/\\\/www.mon-cintre.com\\\/de\\\/produit\\\/6-mantel-kostum-franzosisch-lackiert-naturlich-45-cm\\\/\",\"name\":\"6 luxuri\u00f6se Kleiderb\u00fcgel f\u00fcr Jacke und Anzug in Aschschwarz geb\u00fcrstet\",\"isPartOf\":{\"@id\":\"https:\\\/\\\/www.mon-cintre.com\\\/de\\\/#website\"},\"primaryImageOfPage\":{\"@id\":\"https:\\\/\\\/www.mon-cintre.com\\\/de\\\/produit\\\/6-mantel-kostum-franzosisch-lackiert-naturlich-45-cm\\\/#primaryimage\"},\"image\":{\"@id\":\"https:\\\/\\\/www.mon-cintre.com\\\/de\\\/produit\\\/6-mantel-kostum-franzosisch-lackiert-naturlich-45-cm\\\/#primaryimage\"},\"thumbnailUrl\":\"https:\\\/\\\/www.mon-cintre.com\\\/wp-content\\\/uploads\\\/2021\\\/06\\\/cintre-costume-bois-CLA4555BAR-NA-6.jpg\",\"datePublished\":\"2021-06-09T07:31:43+00:00\",\"dateModified\":\"2026-02-11T10:10:54+00:00\",\"description\":\"6 hochwertige Kleiderb\u00fcgel aus Eschenholz, modern und elegant in schwarz geb\u00fcrstet, eine Form, die speziell f\u00fcr die Pflege Ihrer Jacken und Anz\u00fcge entwickelt wurde.\",\"breadcrumb\":{\"@id\":\"https:\\\/\\\/www.mon-cintre.com\\\/de\\\/produit\\\/6-mantel-kostum-franzosisch-lackiert-naturlich-45-cm\\\/#breadcrumb\"},\"inLanguage\":\"de\",\"potentialAction\":[{\"@type\":\"ReadAction\",\"target\":[\"https:\\\/\\\/www.mon-cintre.com\\\/de\\\/produit\\\/6-mantel-kostum-franzosisch-lackiert-naturlich-45-cm\\\/\"]}]},{\"@type\":\"ImageObject\",\"inLanguage\":\"de\",\"@id\":\"https:\\\/\\\/www.mon-cintre.com\\\/de\\\/produit\\\/6-mantel-kostum-franzosisch-lackiert-naturlich-45-cm\\\/#primaryimage\",\"url\":\"https:\\\/\\\/www.mon-cintre.com\\\/wp-content\\\/uploads\\\/2021\\\/06\\\/cintre-costume-bois-CLA4555BAR-NA-6.jpg\",\"contentUrl\":\"https:\\\/\\\/www.mon-cintre.com\\\/wp-content\\\/uploads\\\/2021\\\/06\\\/cintre-costume-bois-CLA4555BAR-NA-6.jpg\",\"width\":2000,\"height\":2000,\"caption\":\"Kleiderb\u00fcgel aus Naturholz f\u00fcr Anz\u00fcge\"},{\"@type\":\"BreadcrumbList\",\"@id\":\"https:\\\/\\\/www.mon-cintre.com\\\/de\\\/produit\\\/6-mantel-kostum-franzosisch-lackiert-naturlich-45-cm\\\/#breadcrumb\",\"itemListElement\":[{\"@type\":\"ListItem\",\"position\":1,\"name\":\"Accueil\",\"item\":\"https:\\\/\\\/www.mon-cintre.com\\\/de\\\/\"},{\"@type\":\"ListItem\",\"position\":2,\"name\":\"Shop\",\"item\":\"https:\\\/\\\/www.mon-cintre.com\\\/de\\\/shop\\\/\"},{\"@type\":\"ListItem\",\"position\":3,\"name\":\"6 Jacken- und Anzugb\u00fcgel in Esche &#8211; Naturholzfarbe (Breite 45 cm &#8211; Schulter 5,5 cm)\"}]},{\"@type\":\"WebSite\",\"@id\":\"https:\\\/\\\/www.mon-cintre.com\\\/de\\\/#website\",\"url\":\"https:\\\/\\\/www.mon-cintre.com\\\/de\\\/\",\"name\":\"Mon Cintre\",\"description\":\"Cintres et accessoires de dressing\",\"publisher\":{\"@id\":\"https:\\\/\\\/www.mon-cintre.com\\\/de\\\/#organization\"},\"potentialAction\":[{\"@type\":\"SearchAction\",\"target\":{\"@type\":\"EntryPoint\",\"urlTemplate\":\"https:\\\/\\\/www.mon-cintre.com\\\/de\\\/?s={search_term_string}\"},\"query-input\":{\"@type\":\"PropertyValueSpecification\",\"valueRequired\":true,\"valueName\":\"search_term_string\"}}],\"inLanguage\":\"de\"},{\"@type\":\"Organization\",\"@id\":\"https:\\\/\\\/www.mon-cintre.com\\\/de\\\/#organization\",\"name\":\"Mon Cintre\",\"url\":\"https:\\\/\\\/www.mon-cintre.com\\\/de\\\/\",\"logo\":{\"@type\":\"ImageObject\",\"inLanguage\":\"de\",\"@id\":\"https:\\\/\\\/www.mon-cintre.com\\\/de\\\/#\\\/schema\\\/logo\\\/image\\\/\",\"url\":\"https:\\\/\\\/www.mon-cintre.com\\\/wp-content\\\/uploads\\\/2022\\\/12\\\/logo-blanc.png\",\"contentUrl\":\"https:\\\/\\\/www.mon-cintre.com\\\/wp-content\\\/uploads\\\/2022\\\/12\\\/logo-blanc.png\",\"width\":345,\"height\":205,\"caption\":\"Mon Cintre\"},\"image\":{\"@id\":\"https:\\\/\\\/www.mon-cintre.com\\\/de\\\/#\\\/schema\\\/logo\\\/image\\\/\"}}]}<\/script>\n<!-- \/ Yoast SEO plugin. -->","yoast_head_json":{"title":"6 luxuri\u00f6se Kleiderb\u00fcgel f\u00fcr Jacke und Anzug in Aschschwarz geb\u00fcrstet","description":"6 hochwertige Kleiderb\u00fcgel aus Eschenholz, modern und elegant in schwarz geb\u00fcrstet, eine Form, die speziell f\u00fcr die Pflege Ihrer Jacken und Anz\u00fcge entwickelt wurde.","robots":{"index":"index","follow":"follow","max-snippet":"max-snippet:-1","max-image-preview":"max-image-preview:large","max-video-preview":"max-video-preview:-1"},"canonical":"https:\/\/www.mon-cintre.com\/de\/produit\/6-mantel-kostum-franzosisch-lackiert-naturlich-45-cm\/","og_locale":"de_DE","og_type":"article","og_title":"6 luxuri\u00f6se Kleiderb\u00fcgel f\u00fcr Jacke und Anzug in Aschschwarz geb\u00fcrstet","og_description":"6 hochwertige Kleiderb\u00fcgel aus Eschenholz, modern und elegant in schwarz geb\u00fcrstet, eine Form, die speziell f\u00fcr die Pflege Ihrer Jacken und Anz\u00fcge entwickelt wurde.","og_url":"https:\/\/www.mon-cintre.com\/de\/produit\/6-mantel-kostum-franzosisch-lackiert-naturlich-45-cm\/","og_site_name":"Mon Cintre","article_modified_time":"2026-02-11T10:10:54+00:00","og_image":[{"width":2000,"height":2000,"url":"https:\/\/www.mon-cintre.com\/wp-content\/uploads\/2021\/06\/cintre-costume-bois-CLA4555BAR-NA-6.jpg","type":"image\/jpeg"}],"twitter_card":"summary_large_image","twitter_misc":{"Gesch\u00e4tzte Lesezeit":"1\u00a0Minute"},"schema":{"@context":"https:\/\/schema.org","@graph":[{"@type":"WebPage","@id":"https:\/\/www.mon-cintre.com\/de\/produit\/6-mantel-kostum-franzosisch-lackiert-naturlich-45-cm\/","url":"https:\/\/www.mon-cintre.com\/de\/produit\/6-mantel-kostum-franzosisch-lackiert-naturlich-45-cm\/","name":"6 luxuri\u00f6se Kleiderb\u00fcgel f\u00fcr Jacke und Anzug in Aschschwarz geb\u00fcrstet","isPartOf":{"@id":"https:\/\/www.mon-cintre.com\/de\/#website"},"primaryImageOfPage":{"@id":"https:\/\/www.mon-cintre.com\/de\/produit\/6-mantel-kostum-franzosisch-lackiert-naturlich-45-cm\/#primaryimage"},"image":{"@id":"https:\/\/www.mon-cintre.com\/de\/produit\/6-mantel-kostum-franzosisch-lackiert-naturlich-45-cm\/#primaryimage"},"thumbnailUrl":"https:\/\/www.mon-cintre.com\/wp-content\/uploads\/2021\/06\/cintre-costume-bois-CLA4555BAR-NA-6.jpg","datePublished":"2021-06-09T07:31:43+00:00","dateModified":"2026-02-11T10:10:54+00:00","description":"6 hochwertige Kleiderb\u00fcgel aus Eschenholz, modern und elegant in schwarz geb\u00fcrstet, eine Form, die speziell f\u00fcr die Pflege Ihrer Jacken und Anz\u00fcge entwickelt wurde.","breadcrumb":{"@id":"https:\/\/www.mon-cintre.com\/de\/produit\/6-mantel-kostum-franzosisch-lackiert-naturlich-45-cm\/#breadcrumb"},"inLanguage":"de","potentialAction":[{"@type":"ReadAction","target":["https:\/\/www.mon-cintre.com\/de\/produit\/6-mantel-kostum-franzosisch-lackiert-naturlich-45-cm\/"]}]},{"@type":"ImageObject","inLanguage":"de","@id":"https:\/\/www.mon-cintre.com\/de\/produit\/6-mantel-kostum-franzosisch-lackiert-naturlich-45-cm\/#primaryimage","url":"https:\/\/www.mon-cintre.com\/wp-content\/uploads\/2021\/06\/cintre-costume-bois-CLA4555BAR-NA-6.jpg","contentUrl":"https:\/\/www.mon-cintre.com\/wp-content\/uploads\/2021\/06\/cintre-costume-bois-CLA4555BAR-NA-6.jpg","width":2000,"height":2000,"caption":"Kleiderb\u00fcgel aus Naturholz f\u00fcr Anz\u00fcge"},{"@type":"BreadcrumbList","@id":"https:\/\/www.mon-cintre.com\/de\/produit\/6-mantel-kostum-franzosisch-lackiert-naturlich-45-cm\/#breadcrumb","itemListElement":[{"@type":"ListItem","position":1,"name":"Accueil","item":"https:\/\/www.mon-cintre.com\/de\/"},{"@type":"ListItem","position":2,"name":"Shop","item":"https:\/\/www.mon-cintre.com\/de\/shop\/"},{"@type":"ListItem","position":3,"name":"6 Jacken- und Anzugb\u00fcgel in Esche &#8211; Naturholzfarbe (Breite 45 cm &#8211; Schulter 5,5 cm)"}]},{"@type":"WebSite","@id":"https:\/\/www.mon-cintre.com\/de\/#website","url":"https:\/\/www.mon-cintre.com\/de\/","name":"Mon Cintre","description":"Cintres et accessoires de dressing","publisher":{"@id":"https:\/\/www.mon-cintre.com\/de\/#organization"},"potentialAction":[{"@type":"SearchAction","target":{"@type":"EntryPoint","urlTemplate":"https:\/\/www.mon-cintre.com\/de\/?s={search_term_string}"},"query-input":{"@type":"PropertyValueSpecification","valueRequired":true,"valueName":"search_term_string"}}],"inLanguage":"de"},{"@type":"Organization","@id":"https:\/\/www.mon-cintre.com\/de\/#organization","name":"Mon Cintre","url":"https:\/\/www.mon-cintre.com\/de\/","logo":{"@type":"ImageObject","inLanguage":"de","@id":"https:\/\/www.mon-cintre.com\/de\/#\/schema\/logo\/image\/","url":"https:\/\/www.mon-cintre.com\/wp-content\/uploads\/2022\/12\/logo-blanc.png","contentUrl":"https:\/\/www.mon-cintre.com\/wp-content\/uploads\/2022\/12\/logo-blanc.png","width":345,"height":205,"caption":"Mon Cintre"},"image":{"@id":"https:\/\/www.mon-cintre.com\/de\/#\/schema\/logo\/image\/"}}]}},"_links":{"self":[{"href":"https:\/\/www.mon-cintre.com\/de\/wp-json\/wp\/v2\/product\/22348","targetHints":{"allow":["GET"]}}],"collection":[{"href":"https:\/\/www.mon-cintre.com\/de\/wp-json\/wp\/v2\/product"}],"about":[{"href":"https:\/\/www.mon-cintre.com\/de\/wp-json\/wp\/v2\/types\/product"}],"replies":[{"embeddable":true,"href":"https:\/\/www.mon-cintre.com\/de\/wp-json\/wp\/v2\/comments?post=22348"}],"wp:featuredmedia":[{"embeddable":true,"href":"https:\/\/www.mon-cintre.com\/de\/wp-json\/wp\/v2\/media\/29565"}],"wp:attachment":[{"href":"https:\/\/www.mon-cintre.com\/de\/wp-json\/wp\/v2\/media?parent=22348"}],"wp:term":[{"taxonomy":"product_brand","embeddable":true,"href":"https:\/\/www.mon-cintre.com\/de\/wp-json\/wp\/v2\/product_brand?post=22348"},{"taxonomy":"product_cat","embeddable":true,"href":"https:\/\/www.mon-cintre.com\/de\/wp-json\/wp\/v2\/product_cat?post=22348"},{"taxonomy":"product_tag","embeddable":true,"href":"https:\/\/www.mon-cintre.com\/de\/wp-json\/wp\/v2\/product_tag?post=22348"}],"curies":[{"name":"wp","href":"https:\/\/api.w.org\/{rel}","templated":true}]}}