

{"id":31192,"date":"2024-02-02T14:40:35","date_gmt":"2024-02-02T13:40:35","guid":{"rendered":"https:\/\/www.mon-cintre.com\/produit\/6-kleiderbuegel-fuer-frau-fuer-maentel-und-jacken-schwarz-gebuerstetes-holz-breite-38-cm-schulterhoehe-45-cm\/"},"modified":"2026-02-11T12:37:33","modified_gmt":"2026-02-11T11:37:33","slug":"6-kleiderbuegel-fuer-frau-fuer-maentel-und-jacken-schwarz-gebuerstetes-holz-breite-38-cm-schulterhoehe-45-cm","status":"publish","type":"product","link":"https:\/\/www.mon-cintre.com\/de\/produit\/6-kleiderbuegel-fuer-frau-fuer-maentel-und-jacken-schwarz-gebuerstetes-holz-breite-38-cm-schulterhoehe-45-cm\/","title":{"rendered":"6 Kleiderb\u00fcgel f\u00fcr Frau f\u00fcr M\u00e4ntel und Jacken &#8211; schwarz, geb\u00fcrstetes Holz (Breite 38 cm &#8211; Schulterh\u00f6he 4,5 cm)"},"content":{"rendered":"<ul>\n<li>6 Kleiderb\u00fcgel f\u00fcr M\u00e4ntel und Jacken, aus Eschenholz<\/li>\n<li>Schwarze Farbe, geb\u00fcrstetes Holz<\/li>\n<li>Haken und Clip anthrazit matt<\/li>\n<li>360\u00ba drehbarer Haken<\/li>\n<li>Breite 38 cm<\/li>\n<li>Schulterbreite 4,5 cm<\/li>\n<li>Hakendurchmesser 5 mm, H\u00f6he 8,5 cm<\/li>\n<li>Box mit 6 Kleiderb\u00fcgeln<\/li>\n<li>Ideal f\u00fcr Jacken und M\u00e4ntel<\/li>\n<li>Pflege: Mit einem weichen, trockenen Tuch abstauben<\/li>\n<li>Wichtige Informationen zu unseren Kleiderb\u00fcgeln aus Holz: Holz ist ein Naturmaterial und unsere Bretter stammen direkt von B\u00e4umen. Jedes St\u00fcck Holz kann Variationen in Farbe, Maserung und Knoten aufweisen, die f\u00fcr den urspr\u00fcnglichen Baum und den verwendeten Teil des Baumes spezifisch sind. Diese Eigenschaften verleihen dem Holz Charme, ohne die Qualit\u00e4t oder Haltbarkeit unserer Kleiderb\u00fcgel zu beeintr\u00e4chtigen. Holz ist lebendig und kann auf Ver\u00e4nderungen der Luftfeuchtigkeit reagieren. Unsere Kleiderb\u00fcgel werden teilweise auch von Hand geformt. Diese handwerkliche Herstellung macht jeden Kleiderb\u00fcgel einzigartig und es k\u00f6nnen sehr leichte Unterschiede zwischen ihnen auftreten.<\/li>\n<\/ul>\n<p>Die INTENSE-Kollektion wird sowohl M\u00e4nner als auch Frauen ansprechen. Das sch\u00f6ne schwarz geb\u00fcrstete Holz wird Sie mit seiner Modernit\u00e4t \u00fcberraschen. Dieses Set von 13 Kleiderb\u00fcgelmodellen f\u00fcr alle Kleidungsst\u00fccke Ihrer Garderobe ist eine Erleichterung.<\/p>\n<p>Lieferung in wei\u00dfer Geschenkbox mit Logo. Jeder Kleiderb\u00fcgel ist einzeln in eine Schutzh\u00fclle eingewickelt.<\/p>\n<p><img loading=\"lazy\" decoding=\"async\" class=\"alignnone size-medium wp-image-10820\" src=\"https:\/\/www.mon-cintre.com\/wp-content\/uploads\/2019\/02\/boite-cadeau-300x300.jpg\" alt=\"Boite cadeau Mon cintre\" width=\"300\" height=\"300\" srcset=\"https:\/\/www.mon-cintre.com\/wp-content\/uploads\/2019\/02\/boite-cadeau-300x300.jpg 300w, https:\/\/www.mon-cintre.com\/wp-content\/uploads\/2019\/02\/boite-cadeau-150x150.jpg 150w, https:\/\/www.mon-cintre.com\/wp-content\/uploads\/2019\/02\/boite-cadeau-100x100.jpg 100w, https:\/\/www.mon-cintre.com\/wp-content\/uploads\/2019\/02\/boite-cadeau.jpg 500w\" sizes=\"auto, (max-width: 300px) 100vw, 300px\" \/><\/p>\n<p>1 Meter Kleiderschrank = 17 Kleiderb\u00fcgel<br \/>\n<img loading=\"lazy\" decoding=\"async\" class=\"alignnone size-full wp-image-147\" src=\"https:\/\/www.mon-cintre.com\/DEV\/wp-content\/uploads\/2018\/08\/17cintres.png\" alt=\"\" width=\"190\" height=\"19\" \/><\/p>\n<p>* Unverbindliche Fotos.<br \/>\nBeachten Sie, dass sich die Farben von Bildschirm zu Bildschirm \u00e4ndern, sodass es trotz der Sorgfalt bei der Qualit\u00e4t unserer Fotos zu Abweichungen zwischen Bildschirm und Realit\u00e4t kommen kann.<\/p>\n","protected":false},"excerpt":{"rendered":"<ul>\n<li>6 Kleiderb\u00fcgel f\u00fcr M\u00e4ntel und Jacken<\/li>\n<li>Schwarze Farbe, geb\u00fcrstetes Holz<\/li>\n<li>Breite 38 cm<\/li>\n<li>Schulterbreite 4,5 cm<\/li>\n<li>Box mit 6 Kleiderb\u00fcgeln<\/li>\n<li>Handgemacht (<span style=\"text-decoration: underline;\"><a href=\"https:\/\/www.mon-cintre.com\/de\/handgemacht\/\">mehr lesen<\/a><\/span>)<\/li>\n<\/ul>\n<p>Bestellen Sie diese 6er-Packung Holzkleiderb\u00fcgel online. Dank der breiten Schultern lassen sich Jacken und M\u00e4ntel schonend aufh\u00e4ngen. Ab einer Bestellmenge von 24 B\u00fcgeln k\u00f6nnen Sie die B\u00fcgel mit Ihren Initialen oder Ihrem Logo personalisieren.<\/p>\n","protected":false},"featured_media":30143,"comment_status":"open","ping_status":"closed","template":"","meta":{"inline_featured_image":false},"product_brand":[],"product_cat":[575,298,614,308,311,630,569,309,549],"product_tag":[],"class_list":{"0":"post-31192","1":"product","2":"type-product","3":"status-publish","4":"has-post-thumbnail","6":"product_cat-arten-kleiderbuegeln-de","7":"product_cat-holzbugel","8":"product_cat-kleiderbuegel-grosse-38","9":"product_cat-kleiderbugel-fur-frauen","10":"product_cat-kleiderbugel-fur-damenjacken","11":"product_cat-kleiderbuegel-groesse","12":"product_cat-kleiderbuegelfarben","13":"product_cat-intensive-kollektion","14":"product_cat-kleiderbuegel","16":"first","17":"instock","18":"taxable","19":"shipping-taxable","20":"purchasable","21":"product-type-simple"},"yoast_head":"<!-- This site is optimized with the Yoast SEO plugin v27.5 - https:\/\/yoast.com\/product\/yoast-seo-wordpress\/ -->\n<title>Kleider- und Jackenb\u00fcgel f\u00fcr Damen \u2013 schwarzes Holz \u2013 38 cm<\/title>\n<meta name=\"description\" content=\"6 Kleiderb\u00fcgel f\u00fcr Damen, hochwertige Kleiderb\u00fcgel aus Holz in intensivem Schwarz mit geb\u00fcrstetem Effekt zur Aufbewahrung Ihrer Jacken und M\u00e4ntel.\" \/>\n<meta name=\"robots\" content=\"index, follow, max-snippet:-1, max-image-preview:large, max-video-preview:-1\" \/>\n<link rel=\"canonical\" href=\"https:\/\/www.mon-cintre.com\/de\/produit\/6-kleiderbuegel-fuer-frau-fuer-maentel-und-jacken-schwarz-gebuerstetes-holz-breite-38-cm-schulterhoehe-45-cm\/\" \/>\n<meta property=\"og:locale\" content=\"de_DE\" \/>\n<meta property=\"og:type\" content=\"article\" \/>\n<meta property=\"og:title\" content=\"Kleider- und Jackenb\u00fcgel f\u00fcr Damen \u2013 schwarzes Holz \u2013 38 cm\" \/>\n<meta property=\"og:description\" content=\"6 Kleiderb\u00fcgel f\u00fcr Damen, hochwertige Kleiderb\u00fcgel aus Holz in intensivem Schwarz mit geb\u00fcrstetem Effekt zur Aufbewahrung Ihrer Jacken und M\u00e4ntel.\" \/>\n<meta property=\"og:url\" content=\"https:\/\/www.mon-cintre.com\/de\/produit\/6-kleiderbuegel-fuer-frau-fuer-maentel-und-jacken-schwarz-gebuerstetes-holz-breite-38-cm-schulterhoehe-45-cm\/\" \/>\n<meta property=\"og:site_name\" content=\"Mon Cintre\" \/>\n<meta property=\"article:modified_time\" content=\"2026-02-11T11:37:33+00:00\" \/>\n<meta property=\"og:image\" content=\"https:\/\/www.mon-cintre.com\/wp-content\/uploads\/2022\/10\/cintre-veste-manteau-CLA4250VES-BB.jpg\" \/>\n\t<meta property=\"og:image:width\" content=\"2000\" \/>\n\t<meta property=\"og:image:height\" content=\"2000\" \/>\n\t<meta property=\"og:image:type\" content=\"image\/jpeg\" \/>\n<meta name=\"twitter:card\" content=\"summary_large_image\" \/>\n<meta name=\"twitter:label1\" content=\"Gesch\u00e4tzte Lesezeit\" \/>\n\t<meta name=\"twitter:data1\" content=\"1\u00a0Minute\" \/>\n<script type=\"application\/ld+json\" class=\"yoast-schema-graph\">{\"@context\":\"https:\\\/\\\/schema.org\",\"@graph\":[{\"@type\":\"WebPage\",\"@id\":\"https:\\\/\\\/www.mon-cintre.com\\\/de\\\/produit\\\/6-kleiderbuegel-fuer-frau-fuer-maentel-und-jacken-schwarz-gebuerstetes-holz-breite-38-cm-schulterhoehe-45-cm\\\/\",\"url\":\"https:\\\/\\\/www.mon-cintre.com\\\/de\\\/produit\\\/6-kleiderbuegel-fuer-frau-fuer-maentel-und-jacken-schwarz-gebuerstetes-holz-breite-38-cm-schulterhoehe-45-cm\\\/\",\"name\":\"Kleider- und Jackenb\u00fcgel f\u00fcr Damen \u2013 schwarzes Holz \u2013 38 cm\",\"isPartOf\":{\"@id\":\"https:\\\/\\\/www.mon-cintre.com\\\/de\\\/#website\"},\"primaryImageOfPage\":{\"@id\":\"https:\\\/\\\/www.mon-cintre.com\\\/de\\\/produit\\\/6-kleiderbuegel-fuer-frau-fuer-maentel-und-jacken-schwarz-gebuerstetes-holz-breite-38-cm-schulterhoehe-45-cm\\\/#primaryimage\"},\"image\":{\"@id\":\"https:\\\/\\\/www.mon-cintre.com\\\/de\\\/produit\\\/6-kleiderbuegel-fuer-frau-fuer-maentel-und-jacken-schwarz-gebuerstetes-holz-breite-38-cm-schulterhoehe-45-cm\\\/#primaryimage\"},\"thumbnailUrl\":\"https:\\\/\\\/www.mon-cintre.com\\\/wp-content\\\/uploads\\\/2022\\\/10\\\/cintre-veste-manteau-CLA4250VES-BB.jpg\",\"datePublished\":\"2024-02-02T13:40:35+00:00\",\"dateModified\":\"2026-02-11T11:37:33+00:00\",\"description\":\"6 Kleiderb\u00fcgel f\u00fcr Damen, hochwertige Kleiderb\u00fcgel aus Holz in intensivem Schwarz mit geb\u00fcrstetem Effekt zur Aufbewahrung Ihrer Jacken und M\u00e4ntel.\",\"breadcrumb\":{\"@id\":\"https:\\\/\\\/www.mon-cintre.com\\\/de\\\/produit\\\/6-kleiderbuegel-fuer-frau-fuer-maentel-und-jacken-schwarz-gebuerstetes-holz-breite-38-cm-schulterhoehe-45-cm\\\/#breadcrumb\"},\"inLanguage\":\"de\",\"potentialAction\":[{\"@type\":\"ReadAction\",\"target\":[\"https:\\\/\\\/www.mon-cintre.com\\\/de\\\/produit\\\/6-kleiderbuegel-fuer-frau-fuer-maentel-und-jacken-schwarz-gebuerstetes-holz-breite-38-cm-schulterhoehe-45-cm\\\/\"]}]},{\"@type\":\"ImageObject\",\"inLanguage\":\"de\",\"@id\":\"https:\\\/\\\/www.mon-cintre.com\\\/de\\\/produit\\\/6-kleiderbuegel-fuer-frau-fuer-maentel-und-jacken-schwarz-gebuerstetes-holz-breite-38-cm-schulterhoehe-45-cm\\\/#primaryimage\",\"url\":\"https:\\\/\\\/www.mon-cintre.com\\\/wp-content\\\/uploads\\\/2022\\\/10\\\/cintre-veste-manteau-CLA4250VES-BB.jpg\",\"contentUrl\":\"https:\\\/\\\/www.mon-cintre.com\\\/wp-content\\\/uploads\\\/2022\\\/10\\\/cintre-veste-manteau-CLA4250VES-BB.jpg\",\"width\":2000,\"height\":2000,\"caption\":\"Schwarzer Holzb\u00fcgel f\u00fcr Jacke und Mantel\"},{\"@type\":\"BreadcrumbList\",\"@id\":\"https:\\\/\\\/www.mon-cintre.com\\\/de\\\/produit\\\/6-kleiderbuegel-fuer-frau-fuer-maentel-und-jacken-schwarz-gebuerstetes-holz-breite-38-cm-schulterhoehe-45-cm\\\/#breadcrumb\",\"itemListElement\":[{\"@type\":\"ListItem\",\"position\":1,\"name\":\"Accueil\",\"item\":\"https:\\\/\\\/www.mon-cintre.com\\\/de\\\/\"},{\"@type\":\"ListItem\",\"position\":2,\"name\":\"Shop\",\"item\":\"https:\\\/\\\/www.mon-cintre.com\\\/de\\\/shop\\\/\"},{\"@type\":\"ListItem\",\"position\":3,\"name\":\"6 Kleiderb\u00fcgel f\u00fcr Frau f\u00fcr M\u00e4ntel und Jacken &#8211; schwarz, geb\u00fcrstetes Holz (Breite 38 cm &#8211; Schulterh\u00f6he 4,5 cm)\"}]},{\"@type\":\"WebSite\",\"@id\":\"https:\\\/\\\/www.mon-cintre.com\\\/de\\\/#website\",\"url\":\"https:\\\/\\\/www.mon-cintre.com\\\/de\\\/\",\"name\":\"Mon Cintre\",\"description\":\"Cintres et accessoires de dressing\",\"publisher\":{\"@id\":\"https:\\\/\\\/www.mon-cintre.com\\\/de\\\/#organization\"},\"potentialAction\":[{\"@type\":\"SearchAction\",\"target\":{\"@type\":\"EntryPoint\",\"urlTemplate\":\"https:\\\/\\\/www.mon-cintre.com\\\/de\\\/?s={search_term_string}\"},\"query-input\":{\"@type\":\"PropertyValueSpecification\",\"valueRequired\":true,\"valueName\":\"search_term_string\"}}],\"inLanguage\":\"de\"},{\"@type\":\"Organization\",\"@id\":\"https:\\\/\\\/www.mon-cintre.com\\\/de\\\/#organization\",\"name\":\"Mon Cintre\",\"url\":\"https:\\\/\\\/www.mon-cintre.com\\\/de\\\/\",\"logo\":{\"@type\":\"ImageObject\",\"inLanguage\":\"de\",\"@id\":\"https:\\\/\\\/www.mon-cintre.com\\\/de\\\/#\\\/schema\\\/logo\\\/image\\\/\",\"url\":\"https:\\\/\\\/www.mon-cintre.com\\\/wp-content\\\/uploads\\\/2022\\\/12\\\/logo-blanc.png\",\"contentUrl\":\"https:\\\/\\\/www.mon-cintre.com\\\/wp-content\\\/uploads\\\/2022\\\/12\\\/logo-blanc.png\",\"width\":345,\"height\":205,\"caption\":\"Mon Cintre\"},\"image\":{\"@id\":\"https:\\\/\\\/www.mon-cintre.com\\\/de\\\/#\\\/schema\\\/logo\\\/image\\\/\"}}]}<\/script>\n<!-- \/ Yoast SEO plugin. -->","yoast_head_json":{"title":"Kleider- und Jackenb\u00fcgel f\u00fcr Damen \u2013 schwarzes Holz \u2013 38 cm","description":"6 Kleiderb\u00fcgel f\u00fcr Damen, hochwertige Kleiderb\u00fcgel aus Holz in intensivem Schwarz mit geb\u00fcrstetem Effekt zur Aufbewahrung Ihrer Jacken und M\u00e4ntel.","robots":{"index":"index","follow":"follow","max-snippet":"max-snippet:-1","max-image-preview":"max-image-preview:large","max-video-preview":"max-video-preview:-1"},"canonical":"https:\/\/www.mon-cintre.com\/de\/produit\/6-kleiderbuegel-fuer-frau-fuer-maentel-und-jacken-schwarz-gebuerstetes-holz-breite-38-cm-schulterhoehe-45-cm\/","og_locale":"de_DE","og_type":"article","og_title":"Kleider- und Jackenb\u00fcgel f\u00fcr Damen \u2013 schwarzes Holz \u2013 38 cm","og_description":"6 Kleiderb\u00fcgel f\u00fcr Damen, hochwertige Kleiderb\u00fcgel aus Holz in intensivem Schwarz mit geb\u00fcrstetem Effekt zur Aufbewahrung Ihrer Jacken und M\u00e4ntel.","og_url":"https:\/\/www.mon-cintre.com\/de\/produit\/6-kleiderbuegel-fuer-frau-fuer-maentel-und-jacken-schwarz-gebuerstetes-holz-breite-38-cm-schulterhoehe-45-cm\/","og_site_name":"Mon Cintre","article_modified_time":"2026-02-11T11:37:33+00:00","og_image":[{"width":2000,"height":2000,"url":"https:\/\/www.mon-cintre.com\/wp-content\/uploads\/2022\/10\/cintre-veste-manteau-CLA4250VES-BB.jpg","type":"image\/jpeg"}],"twitter_card":"summary_large_image","twitter_misc":{"Gesch\u00e4tzte Lesezeit":"1\u00a0Minute"},"schema":{"@context":"https:\/\/schema.org","@graph":[{"@type":"WebPage","@id":"https:\/\/www.mon-cintre.com\/de\/produit\/6-kleiderbuegel-fuer-frau-fuer-maentel-und-jacken-schwarz-gebuerstetes-holz-breite-38-cm-schulterhoehe-45-cm\/","url":"https:\/\/www.mon-cintre.com\/de\/produit\/6-kleiderbuegel-fuer-frau-fuer-maentel-und-jacken-schwarz-gebuerstetes-holz-breite-38-cm-schulterhoehe-45-cm\/","name":"Kleider- und Jackenb\u00fcgel f\u00fcr Damen \u2013 schwarzes Holz \u2013 38 cm","isPartOf":{"@id":"https:\/\/www.mon-cintre.com\/de\/#website"},"primaryImageOfPage":{"@id":"https:\/\/www.mon-cintre.com\/de\/produit\/6-kleiderbuegel-fuer-frau-fuer-maentel-und-jacken-schwarz-gebuerstetes-holz-breite-38-cm-schulterhoehe-45-cm\/#primaryimage"},"image":{"@id":"https:\/\/www.mon-cintre.com\/de\/produit\/6-kleiderbuegel-fuer-frau-fuer-maentel-und-jacken-schwarz-gebuerstetes-holz-breite-38-cm-schulterhoehe-45-cm\/#primaryimage"},"thumbnailUrl":"https:\/\/www.mon-cintre.com\/wp-content\/uploads\/2022\/10\/cintre-veste-manteau-CLA4250VES-BB.jpg","datePublished":"2024-02-02T13:40:35+00:00","dateModified":"2026-02-11T11:37:33+00:00","description":"6 Kleiderb\u00fcgel f\u00fcr Damen, hochwertige Kleiderb\u00fcgel aus Holz in intensivem Schwarz mit geb\u00fcrstetem Effekt zur Aufbewahrung Ihrer Jacken und M\u00e4ntel.","breadcrumb":{"@id":"https:\/\/www.mon-cintre.com\/de\/produit\/6-kleiderbuegel-fuer-frau-fuer-maentel-und-jacken-schwarz-gebuerstetes-holz-breite-38-cm-schulterhoehe-45-cm\/#breadcrumb"},"inLanguage":"de","potentialAction":[{"@type":"ReadAction","target":["https:\/\/www.mon-cintre.com\/de\/produit\/6-kleiderbuegel-fuer-frau-fuer-maentel-und-jacken-schwarz-gebuerstetes-holz-breite-38-cm-schulterhoehe-45-cm\/"]}]},{"@type":"ImageObject","inLanguage":"de","@id":"https:\/\/www.mon-cintre.com\/de\/produit\/6-kleiderbuegel-fuer-frau-fuer-maentel-und-jacken-schwarz-gebuerstetes-holz-breite-38-cm-schulterhoehe-45-cm\/#primaryimage","url":"https:\/\/www.mon-cintre.com\/wp-content\/uploads\/2022\/10\/cintre-veste-manteau-CLA4250VES-BB.jpg","contentUrl":"https:\/\/www.mon-cintre.com\/wp-content\/uploads\/2022\/10\/cintre-veste-manteau-CLA4250VES-BB.jpg","width":2000,"height":2000,"caption":"Schwarzer Holzb\u00fcgel f\u00fcr Jacke und Mantel"},{"@type":"BreadcrumbList","@id":"https:\/\/www.mon-cintre.com\/de\/produit\/6-kleiderbuegel-fuer-frau-fuer-maentel-und-jacken-schwarz-gebuerstetes-holz-breite-38-cm-schulterhoehe-45-cm\/#breadcrumb","itemListElement":[{"@type":"ListItem","position":1,"name":"Accueil","item":"https:\/\/www.mon-cintre.com\/de\/"},{"@type":"ListItem","position":2,"name":"Shop","item":"https:\/\/www.mon-cintre.com\/de\/shop\/"},{"@type":"ListItem","position":3,"name":"6 Kleiderb\u00fcgel f\u00fcr Frau f\u00fcr M\u00e4ntel und Jacken &#8211; schwarz, geb\u00fcrstetes Holz (Breite 38 cm &#8211; Schulterh\u00f6he 4,5 cm)"}]},{"@type":"WebSite","@id":"https:\/\/www.mon-cintre.com\/de\/#website","url":"https:\/\/www.mon-cintre.com\/de\/","name":"Mon Cintre","description":"Cintres et accessoires de dressing","publisher":{"@id":"https:\/\/www.mon-cintre.com\/de\/#organization"},"potentialAction":[{"@type":"SearchAction","target":{"@type":"EntryPoint","urlTemplate":"https:\/\/www.mon-cintre.com\/de\/?s={search_term_string}"},"query-input":{"@type":"PropertyValueSpecification","valueRequired":true,"valueName":"search_term_string"}}],"inLanguage":"de"},{"@type":"Organization","@id":"https:\/\/www.mon-cintre.com\/de\/#organization","name":"Mon Cintre","url":"https:\/\/www.mon-cintre.com\/de\/","logo":{"@type":"ImageObject","inLanguage":"de","@id":"https:\/\/www.mon-cintre.com\/de\/#\/schema\/logo\/image\/","url":"https:\/\/www.mon-cintre.com\/wp-content\/uploads\/2022\/12\/logo-blanc.png","contentUrl":"https:\/\/www.mon-cintre.com\/wp-content\/uploads\/2022\/12\/logo-blanc.png","width":345,"height":205,"caption":"Mon Cintre"},"image":{"@id":"https:\/\/www.mon-cintre.com\/de\/#\/schema\/logo\/image\/"}}]}},"_links":{"self":[{"href":"https:\/\/www.mon-cintre.com\/de\/wp-json\/wp\/v2\/product\/31192","targetHints":{"allow":["GET"]}}],"collection":[{"href":"https:\/\/www.mon-cintre.com\/de\/wp-json\/wp\/v2\/product"}],"about":[{"href":"https:\/\/www.mon-cintre.com\/de\/wp-json\/wp\/v2\/types\/product"}],"replies":[{"embeddable":true,"href":"https:\/\/www.mon-cintre.com\/de\/wp-json\/wp\/v2\/comments?post=31192"}],"wp:featuredmedia":[{"embeddable":true,"href":"https:\/\/www.mon-cintre.com\/de\/wp-json\/wp\/v2\/media\/30143"}],"wp:attachment":[{"href":"https:\/\/www.mon-cintre.com\/de\/wp-json\/wp\/v2\/media?parent=31192"}],"wp:term":[{"taxonomy":"product_brand","embeddable":true,"href":"https:\/\/www.mon-cintre.com\/de\/wp-json\/wp\/v2\/product_brand?post=31192"},{"taxonomy":"product_cat","embeddable":true,"href":"https:\/\/www.mon-cintre.com\/de\/wp-json\/wp\/v2\/product_cat?post=31192"},{"taxonomy":"product_tag","embeddable":true,"href":"https:\/\/www.mon-cintre.com\/de\/wp-json\/wp\/v2\/product_tag?post=31192"}],"curies":[{"name":"wp","href":"https:\/\/api.w.org\/{rel}","templated":true}]}}