

{"id":31214,"date":"2024-02-05T12:06:45","date_gmt":"2024-02-05T11:06:45","guid":{"rendered":"https:\/\/www.mon-cintre.com\/?post_type=product&#038;p=31214"},"modified":"2026-02-11T15:42:35","modified_gmt":"2026-02-11T14:42:35","slug":"6-kleiderbugel-jacke-nussbaum-breite-45-cm-schulter-55-mm","status":"publish","type":"product","link":"https:\/\/www.mon-cintre.com\/de\/produit\/6-kleiderbugel-jacke-nussbaum-breite-45-cm-schulter-55-mm\/","title":{"rendered":"6 Holzb\u00fcgel f\u00fcr Jacke und Mantel \u2013 Walnussfarbe (Breite 45 cm \u2013 Schulter 5,5 cm)"},"content":{"rendered":"<ul>\n<li>6 Kleiderb\u00fcgel aus Eschenholz f\u00fcr Jacke und Mantel<\/li>\n<li>Walnussfarben<\/li>\n<li>Hakenfarbe anthrazit matt<\/li>\n<li>Breite: 45 cm<\/li>\n<li>Breite der Schulter: 5,5 cm<\/li>\n<li>Hakendurchmesser 5 mm, H\u00f6he 8,5 cm<\/li>\n<li>Box mit 6 Kleiderb\u00fcgeln<\/li>\n<li>Ideal f\u00fcr Jacke und Mantel<\/li>\n<li>Pflege: Mit einem weichen, trockenen Tuch abstauben<\/li>\n<li>Wichtige Informationen zu unseren Kleiderb\u00fcgeln aus Holz: Holz ist ein Naturmaterial und unsere Bretter stammen direkt von B\u00e4umen. Jedes St\u00fcck Holz kann Variationen in Farbe, Maserung und Knoten aufweisen, die f\u00fcr den urspr\u00fcnglichen Baum und den verwendeten Teil des Baumes spezifisch sind. Diese Eigenschaften verleihen dem Holz Charme, ohne die Qualit\u00e4t oder Haltbarkeit unserer Kleiderb\u00fcgel zu beeintr\u00e4chtigen. Holz ist lebendig und kann auf Ver\u00e4nderungen der Luftfeuchtigkeit reagieren. Unsere Kleiderb\u00fcgel werden teilweise auch von Hand geformt. Diese handwerkliche Herstellung macht jeden Kleiderb\u00fcgel einzigartig und es k\u00f6nnen sehr leichte Unterschiede zwischen ihnen auftreten.<\/li>\n<\/ul>\n<p>Die CHIC-Kollektion f\u00fcr M\u00e4nner und Frauen ist in 12 Modellen in Eschenholz gebeizt und in Nussbaum erh\u00e4ltlich.<\/p>\n<p>Lieferung in wei\u00dfer Geschenkbox mit Logo. Jeder Kleiderb\u00fcgel ist einzeln in eine Schutzh\u00fclle eingewickelt.<\/p>\n<p><img loading=\"lazy\" decoding=\"async\" class=\"alignnone size-medium wp-image-10820\" src=\"https:\/\/www.mon-cintre.com\/wp-content\/uploads\/2019\/02\/boite-cadeau-300x300.jpg\" alt=\"Boite cadeau Mon cintre\" width=\"300\" height=\"300\" srcset=\"https:\/\/www.mon-cintre.com\/wp-content\/uploads\/2019\/02\/boite-cadeau-300x300.jpg 300w, https:\/\/www.mon-cintre.com\/wp-content\/uploads\/2019\/02\/boite-cadeau-150x150.jpg 150w, https:\/\/www.mon-cintre.com\/wp-content\/uploads\/2019\/02\/boite-cadeau-100x100.jpg 100w, https:\/\/www.mon-cintre.com\/wp-content\/uploads\/2019\/02\/boite-cadeau.jpg 500w\" sizes=\"auto, (max-width: 300px) 100vw, 300px\" \/><\/p>\n<p>1 Meter Kleiderschrank = 11 Kleiderb\u00fcgel<br \/>\n<img loading=\"lazy\" decoding=\"async\" class=\"alignnone size-full wp-image-310\" src=\"https:\/\/www.mon-cintre.com\/DEV\/wp-content\/uploads\/2018\/08\/11cintres.png\" alt=\"\" width=\"190\" height=\"19\" \/><\/p>\n<p>* Unverbindliche Fotos.<br \/>\nBeachten Sie, dass sich die Farben von Bildschirm zu Bildschirm \u00e4ndern, sodass es trotz der Sorgfalt bei der Qualit\u00e4t unserer Fotos zu Abweichungen zwischen Bildschirm und Realit\u00e4t kommen kann.<\/p>\n","protected":false},"excerpt":{"rendered":"<ul>\n<li>6 Kleiderb\u00fcgel f\u00fcr Jacke und Mantel<\/li>\n<li>Walnussfarben<\/li>\n<li>Breite: 45 cm<\/li>\n<li>Breite der Schulter: 5,5 cm<\/li>\n<li>Box mit 6 Kleiderb\u00fcgeln<\/li>\n<li>Handgemacht (<span style=\"text-decoration: underline;\"><a href=\"https:\/\/www.mon-cintre.com\/de\/handgemacht\/\">Erfahren Sie mehr<\/a><\/span>)<\/li>\n<\/ul>\n<p>Bestellen online Sie diese 6er-Packung Holzkleiderb\u00fcgel mit breiten Schultern f\u00fcr Ihre Garderobe \u2013 perfekt zum Aufh\u00e4ngen Ihrer Jacken und M\u00e4ntel, ohne diese zu besch\u00e4digen. Personalisierbar mit Ihren Initialen oder Ihrem Logo (Mindestbestellmenge: 24 Kleiderb\u00fcgel).<\/p>\n","protected":false},"featured_media":31973,"comment_status":"open","ping_status":"closed","template":"","meta":{"inline_featured_image":false},"product_brand":[],"product_cat":[575,635,298,617,293,295,315,593,630,569,549],"product_tag":[],"class_list":{"0":"post-31214","1":"product","2":"type-product","3":"status-publish","4":"has-post-thumbnail","6":"product_cat-arten-kleiderbuegeln-de","7":"product_cat-gebogene-kleiderbuegel","8":"product_cat-holzbugel","9":"product_cat-kleiderbuegel-grosse-45","10":"product_cat-kleiderbugel-fur-manner","11":"product_cat-kleiderbugel-fur-herrenanzuge","12":"product_cat-schicke-kollektion","13":"product_cat-kleiderbuegel-breiten-schultern","14":"product_cat-kleiderbuegel-groesse","15":"product_cat-kleiderbuegelfarben","16":"product_cat-kleiderbuegel","18":"first","19":"instock","20":"taxable","21":"shipping-taxable","22":"purchasable","23":"product-type-simple"},"yoast_head":"<!-- This site is optimized with the Yoast SEO plugin v27.5 - https:\/\/yoast.com\/product\/yoast-seo-wordpress\/ -->\n<title>6 Holzb\u00fcgel f\u00fcr Jacke und Mantel \u2013 45 cm \u2013 Mon Cintre<\/title>\n<meta name=\"description\" content=\"6 hochwertige Holzb\u00fcgel f\u00fcr Herrenm\u00e4ntel und -jacken. Walnussfarbe, Breite 45 cm, Schulter 4,5 cm f\u00fcr perfekten Halt Ihrer Kleidung.\" \/>\n<meta name=\"robots\" content=\"index, follow, max-snippet:-1, max-image-preview:large, max-video-preview:-1\" \/>\n<link rel=\"canonical\" href=\"https:\/\/www.mon-cintre.com\/de\/produit\/6-kleiderbugel-jacke-nussbaum-breite-45-cm-schulter-55-mm\/\" \/>\n<meta property=\"og:locale\" content=\"de_DE\" \/>\n<meta property=\"og:type\" content=\"article\" \/>\n<meta property=\"og:title\" content=\"6 Holzb\u00fcgel f\u00fcr Jacke und Mantel \u2013 45 cm \u2013 Mon Cintre\" \/>\n<meta property=\"og:description\" content=\"6 hochwertige Holzb\u00fcgel f\u00fcr Herrenm\u00e4ntel und -jacken. Walnussfarbe, Breite 45 cm, Schulter 4,5 cm f\u00fcr perfekten Halt Ihrer Kleidung.\" \/>\n<meta property=\"og:url\" content=\"https:\/\/www.mon-cintre.com\/de\/produit\/6-kleiderbugel-jacke-nussbaum-breite-45-cm-schulter-55-mm\/\" \/>\n<meta property=\"og:site_name\" content=\"Mon Cintre\" \/>\n<meta property=\"article:modified_time\" content=\"2026-02-11T14:42:35+00:00\" \/>\n<meta property=\"og:image\" content=\"https:\/\/www.mon-cintre.com\/wp-content\/uploads\/2024\/02\/cintre-homme-manteau-CLA4455VES-WN-2.jpg\" \/>\n\t<meta property=\"og:image:width\" content=\"2000\" \/>\n\t<meta property=\"og:image:height\" content=\"2000\" \/>\n\t<meta property=\"og:image:type\" content=\"image\/jpeg\" \/>\n<meta name=\"twitter:card\" content=\"summary_large_image\" \/>\n<meta name=\"twitter:label1\" content=\"Gesch\u00e4tzte Lesezeit\" \/>\n\t<meta name=\"twitter:data1\" content=\"2\u00a0Minuten\" \/>\n<script type=\"application\/ld+json\" class=\"yoast-schema-graph\">{\"@context\":\"https:\\\/\\\/schema.org\",\"@graph\":[{\"@type\":\"WebPage\",\"@id\":\"https:\\\/\\\/www.mon-cintre.com\\\/de\\\/produit\\\/6-kleiderbugel-jacke-nussbaum-breite-45-cm-schulter-55-mm\\\/\",\"url\":\"https:\\\/\\\/www.mon-cintre.com\\\/de\\\/produit\\\/6-kleiderbugel-jacke-nussbaum-breite-45-cm-schulter-55-mm\\\/\",\"name\":\"6 Holzb\u00fcgel f\u00fcr Jacke und Mantel \u2013 45 cm \u2013 Mon Cintre\",\"isPartOf\":{\"@id\":\"https:\\\/\\\/www.mon-cintre.com\\\/de\\\/#website\"},\"primaryImageOfPage\":{\"@id\":\"https:\\\/\\\/www.mon-cintre.com\\\/de\\\/produit\\\/6-kleiderbugel-jacke-nussbaum-breite-45-cm-schulter-55-mm\\\/#primaryimage\"},\"image\":{\"@id\":\"https:\\\/\\\/www.mon-cintre.com\\\/de\\\/produit\\\/6-kleiderbugel-jacke-nussbaum-breite-45-cm-schulter-55-mm\\\/#primaryimage\"},\"thumbnailUrl\":\"https:\\\/\\\/www.mon-cintre.com\\\/wp-content\\\/uploads\\\/2024\\\/02\\\/cintre-homme-manteau-CLA4455VES-WN-2.jpg\",\"datePublished\":\"2024-02-05T11:06:45+00:00\",\"dateModified\":\"2026-02-11T14:42:35+00:00\",\"description\":\"6 hochwertige Holzb\u00fcgel f\u00fcr Herrenm\u00e4ntel und -jacken. Walnussfarbe, Breite 45 cm, Schulter 4,5 cm f\u00fcr perfekten Halt Ihrer Kleidung.\",\"breadcrumb\":{\"@id\":\"https:\\\/\\\/www.mon-cintre.com\\\/de\\\/produit\\\/6-kleiderbugel-jacke-nussbaum-breite-45-cm-schulter-55-mm\\\/#breadcrumb\"},\"inLanguage\":\"de\",\"potentialAction\":[{\"@type\":\"ReadAction\",\"target\":[\"https:\\\/\\\/www.mon-cintre.com\\\/de\\\/produit\\\/6-kleiderbugel-jacke-nussbaum-breite-45-cm-schulter-55-mm\\\/\"]}]},{\"@type\":\"ImageObject\",\"inLanguage\":\"de\",\"@id\":\"https:\\\/\\\/www.mon-cintre.com\\\/de\\\/produit\\\/6-kleiderbugel-jacke-nussbaum-breite-45-cm-schulter-55-mm\\\/#primaryimage\",\"url\":\"https:\\\/\\\/www.mon-cintre.com\\\/wp-content\\\/uploads\\\/2024\\\/02\\\/cintre-homme-manteau-CLA4455VES-WN-2.jpg\",\"contentUrl\":\"https:\\\/\\\/www.mon-cintre.com\\\/wp-content\\\/uploads\\\/2024\\\/02\\\/cintre-homme-manteau-CLA4455VES-WN-2.jpg\",\"width\":2000,\"height\":2000,\"caption\":\"cintre de luxe pour manteau et veste homme\"},{\"@type\":\"BreadcrumbList\",\"@id\":\"https:\\\/\\\/www.mon-cintre.com\\\/de\\\/produit\\\/6-kleiderbugel-jacke-nussbaum-breite-45-cm-schulter-55-mm\\\/#breadcrumb\",\"itemListElement\":[{\"@type\":\"ListItem\",\"position\":1,\"name\":\"Accueil\",\"item\":\"https:\\\/\\\/www.mon-cintre.com\\\/de\\\/\"},{\"@type\":\"ListItem\",\"position\":2,\"name\":\"Shop\",\"item\":\"https:\\\/\\\/www.mon-cintre.com\\\/de\\\/shop\\\/\"},{\"@type\":\"ListItem\",\"position\":3,\"name\":\"6 Holzb\u00fcgel f\u00fcr Jacke und Mantel \u2013 Walnussfarbe (Breite 45 cm \u2013 Schulter 5,5 cm)\"}]},{\"@type\":\"WebSite\",\"@id\":\"https:\\\/\\\/www.mon-cintre.com\\\/de\\\/#website\",\"url\":\"https:\\\/\\\/www.mon-cintre.com\\\/de\\\/\",\"name\":\"Mon Cintre\",\"description\":\"Cintres et accessoires de dressing\",\"publisher\":{\"@id\":\"https:\\\/\\\/www.mon-cintre.com\\\/de\\\/#organization\"},\"potentialAction\":[{\"@type\":\"SearchAction\",\"target\":{\"@type\":\"EntryPoint\",\"urlTemplate\":\"https:\\\/\\\/www.mon-cintre.com\\\/de\\\/?s={search_term_string}\"},\"query-input\":{\"@type\":\"PropertyValueSpecification\",\"valueRequired\":true,\"valueName\":\"search_term_string\"}}],\"inLanguage\":\"de\"},{\"@type\":\"Organization\",\"@id\":\"https:\\\/\\\/www.mon-cintre.com\\\/de\\\/#organization\",\"name\":\"Mon Cintre\",\"url\":\"https:\\\/\\\/www.mon-cintre.com\\\/de\\\/\",\"logo\":{\"@type\":\"ImageObject\",\"inLanguage\":\"de\",\"@id\":\"https:\\\/\\\/www.mon-cintre.com\\\/de\\\/#\\\/schema\\\/logo\\\/image\\\/\",\"url\":\"https:\\\/\\\/www.mon-cintre.com\\\/wp-content\\\/uploads\\\/2022\\\/12\\\/logo-blanc.png\",\"contentUrl\":\"https:\\\/\\\/www.mon-cintre.com\\\/wp-content\\\/uploads\\\/2022\\\/12\\\/logo-blanc.png\",\"width\":345,\"height\":205,\"caption\":\"Mon Cintre\"},\"image\":{\"@id\":\"https:\\\/\\\/www.mon-cintre.com\\\/de\\\/#\\\/schema\\\/logo\\\/image\\\/\"}}]}<\/script>\n<!-- \/ Yoast SEO plugin. -->","yoast_head_json":{"title":"6 Holzb\u00fcgel f\u00fcr Jacke und Mantel \u2013 45 cm \u2013 Mon Cintre","description":"6 hochwertige Holzb\u00fcgel f\u00fcr Herrenm\u00e4ntel und -jacken. Walnussfarbe, Breite 45 cm, Schulter 4,5 cm f\u00fcr perfekten Halt Ihrer Kleidung.","robots":{"index":"index","follow":"follow","max-snippet":"max-snippet:-1","max-image-preview":"max-image-preview:large","max-video-preview":"max-video-preview:-1"},"canonical":"https:\/\/www.mon-cintre.com\/de\/produit\/6-kleiderbugel-jacke-nussbaum-breite-45-cm-schulter-55-mm\/","og_locale":"de_DE","og_type":"article","og_title":"6 Holzb\u00fcgel f\u00fcr Jacke und Mantel \u2013 45 cm \u2013 Mon Cintre","og_description":"6 hochwertige Holzb\u00fcgel f\u00fcr Herrenm\u00e4ntel und -jacken. Walnussfarbe, Breite 45 cm, Schulter 4,5 cm f\u00fcr perfekten Halt Ihrer Kleidung.","og_url":"https:\/\/www.mon-cintre.com\/de\/produit\/6-kleiderbugel-jacke-nussbaum-breite-45-cm-schulter-55-mm\/","og_site_name":"Mon Cintre","article_modified_time":"2026-02-11T14:42:35+00:00","og_image":[{"width":2000,"height":2000,"url":"https:\/\/www.mon-cintre.com\/wp-content\/uploads\/2024\/02\/cintre-homme-manteau-CLA4455VES-WN-2.jpg","type":"image\/jpeg"}],"twitter_card":"summary_large_image","twitter_misc":{"Gesch\u00e4tzte Lesezeit":"2\u00a0Minuten"},"schema":{"@context":"https:\/\/schema.org","@graph":[{"@type":"WebPage","@id":"https:\/\/www.mon-cintre.com\/de\/produit\/6-kleiderbugel-jacke-nussbaum-breite-45-cm-schulter-55-mm\/","url":"https:\/\/www.mon-cintre.com\/de\/produit\/6-kleiderbugel-jacke-nussbaum-breite-45-cm-schulter-55-mm\/","name":"6 Holzb\u00fcgel f\u00fcr Jacke und Mantel \u2013 45 cm \u2013 Mon Cintre","isPartOf":{"@id":"https:\/\/www.mon-cintre.com\/de\/#website"},"primaryImageOfPage":{"@id":"https:\/\/www.mon-cintre.com\/de\/produit\/6-kleiderbugel-jacke-nussbaum-breite-45-cm-schulter-55-mm\/#primaryimage"},"image":{"@id":"https:\/\/www.mon-cintre.com\/de\/produit\/6-kleiderbugel-jacke-nussbaum-breite-45-cm-schulter-55-mm\/#primaryimage"},"thumbnailUrl":"https:\/\/www.mon-cintre.com\/wp-content\/uploads\/2024\/02\/cintre-homme-manteau-CLA4455VES-WN-2.jpg","datePublished":"2024-02-05T11:06:45+00:00","dateModified":"2026-02-11T14:42:35+00:00","description":"6 hochwertige Holzb\u00fcgel f\u00fcr Herrenm\u00e4ntel und -jacken. Walnussfarbe, Breite 45 cm, Schulter 4,5 cm f\u00fcr perfekten Halt Ihrer Kleidung.","breadcrumb":{"@id":"https:\/\/www.mon-cintre.com\/de\/produit\/6-kleiderbugel-jacke-nussbaum-breite-45-cm-schulter-55-mm\/#breadcrumb"},"inLanguage":"de","potentialAction":[{"@type":"ReadAction","target":["https:\/\/www.mon-cintre.com\/de\/produit\/6-kleiderbugel-jacke-nussbaum-breite-45-cm-schulter-55-mm\/"]}]},{"@type":"ImageObject","inLanguage":"de","@id":"https:\/\/www.mon-cintre.com\/de\/produit\/6-kleiderbugel-jacke-nussbaum-breite-45-cm-schulter-55-mm\/#primaryimage","url":"https:\/\/www.mon-cintre.com\/wp-content\/uploads\/2024\/02\/cintre-homme-manteau-CLA4455VES-WN-2.jpg","contentUrl":"https:\/\/www.mon-cintre.com\/wp-content\/uploads\/2024\/02\/cintre-homme-manteau-CLA4455VES-WN-2.jpg","width":2000,"height":2000,"caption":"cintre de luxe pour manteau et veste homme"},{"@type":"BreadcrumbList","@id":"https:\/\/www.mon-cintre.com\/de\/produit\/6-kleiderbugel-jacke-nussbaum-breite-45-cm-schulter-55-mm\/#breadcrumb","itemListElement":[{"@type":"ListItem","position":1,"name":"Accueil","item":"https:\/\/www.mon-cintre.com\/de\/"},{"@type":"ListItem","position":2,"name":"Shop","item":"https:\/\/www.mon-cintre.com\/de\/shop\/"},{"@type":"ListItem","position":3,"name":"6 Holzb\u00fcgel f\u00fcr Jacke und Mantel \u2013 Walnussfarbe (Breite 45 cm \u2013 Schulter 5,5 cm)"}]},{"@type":"WebSite","@id":"https:\/\/www.mon-cintre.com\/de\/#website","url":"https:\/\/www.mon-cintre.com\/de\/","name":"Mon Cintre","description":"Cintres et accessoires de dressing","publisher":{"@id":"https:\/\/www.mon-cintre.com\/de\/#organization"},"potentialAction":[{"@type":"SearchAction","target":{"@type":"EntryPoint","urlTemplate":"https:\/\/www.mon-cintre.com\/de\/?s={search_term_string}"},"query-input":{"@type":"PropertyValueSpecification","valueRequired":true,"valueName":"search_term_string"}}],"inLanguage":"de"},{"@type":"Organization","@id":"https:\/\/www.mon-cintre.com\/de\/#organization","name":"Mon Cintre","url":"https:\/\/www.mon-cintre.com\/de\/","logo":{"@type":"ImageObject","inLanguage":"de","@id":"https:\/\/www.mon-cintre.com\/de\/#\/schema\/logo\/image\/","url":"https:\/\/www.mon-cintre.com\/wp-content\/uploads\/2022\/12\/logo-blanc.png","contentUrl":"https:\/\/www.mon-cintre.com\/wp-content\/uploads\/2022\/12\/logo-blanc.png","width":345,"height":205,"caption":"Mon Cintre"},"image":{"@id":"https:\/\/www.mon-cintre.com\/de\/#\/schema\/logo\/image\/"}}]}},"_links":{"self":[{"href":"https:\/\/www.mon-cintre.com\/de\/wp-json\/wp\/v2\/product\/31214","targetHints":{"allow":["GET"]}}],"collection":[{"href":"https:\/\/www.mon-cintre.com\/de\/wp-json\/wp\/v2\/product"}],"about":[{"href":"https:\/\/www.mon-cintre.com\/de\/wp-json\/wp\/v2\/types\/product"}],"replies":[{"embeddable":true,"href":"https:\/\/www.mon-cintre.com\/de\/wp-json\/wp\/v2\/comments?post=31214"}],"wp:featuredmedia":[{"embeddable":true,"href":"https:\/\/www.mon-cintre.com\/de\/wp-json\/wp\/v2\/media\/31973"}],"wp:attachment":[{"href":"https:\/\/www.mon-cintre.com\/de\/wp-json\/wp\/v2\/media?parent=31214"}],"wp:term":[{"taxonomy":"product_brand","embeddable":true,"href":"https:\/\/www.mon-cintre.com\/de\/wp-json\/wp\/v2\/product_brand?post=31214"},{"taxonomy":"product_cat","embeddable":true,"href":"https:\/\/www.mon-cintre.com\/de\/wp-json\/wp\/v2\/product_cat?post=31214"},{"taxonomy":"product_tag","embeddable":true,"href":"https:\/\/www.mon-cintre.com\/de\/wp-json\/wp\/v2\/product_tag?post=31214"}],"curies":[{"name":"wp","href":"https:\/\/api.w.org\/{rel}","templated":true}]}}