

{"id":31979,"date":"2024-07-11T15:43:36","date_gmt":"2024-07-11T13:43:36","guid":{"rendered":"https:\/\/www.mon-cintre.com\/?post_type=product&#038;p=31979"},"modified":"2026-02-11T14:27:12","modified_gmt":"2026-02-11T13:27:12","slug":"6-kleiderbugel-jacke-farbe-weis-gebeizt-breite-42-cm-schulter-5-cm","status":"publish","type":"product","link":"https:\/\/www.mon-cintre.com\/de\/produit\/6-kleiderbugel-jacke-farbe-weis-gebeizt-breite-42-cm-schulter-5-cm\/","title":{"rendered":"6 Kleiderb\u00fcgel f\u00fcr Jacke und Mantel &#8211; Farbe wei\u00df gebeizt (Breite 42 cm-Schulter 5 cm)"},"content":{"rendered":"<ul>\n<li>6 luxuri\u00f6se Kleiderb\u00fcgel f\u00fcr M\u00e4ntel und Jacken<\/li>\n<li>Essenz aus gebeizter, wei\u00df gebeizter Asche<\/li>\n<li>Haken nickel matt<\/li>\n<li>360\u00ba drehbarer Haken<\/li>\n<li>Breite 42 cm<\/li>\n<li>Schulterbreite 5 cm<\/li>\n<li>Hakendurchmesser 5 mm, H\u00f6he 8,5 cm<\/li>\n<li>Box mit 6 Kleiderb\u00fcgeln<\/li>\n<li>Ideal f\u00fcr Jacken und M\u00e4ntel<\/li>\n<li>Pflege: Mit einem weichen, trockenen Tuch abstauben<\/li>\n<li>Wichtige Informationen zu unseren Kleiderb\u00fcgeln aus Holz: Holz ist ein Naturmaterial und unsere Bretter stammen direkt von B\u00e4umen. Jedes St\u00fcck Holz kann Variationen in Farbe, Maserung und Knoten aufweisen, die f\u00fcr den urspr\u00fcnglichen Baum und den verwendeten Teil des Baumes spezifisch sind. Diese Eigenschaften verleihen dem Holz Charme, ohne die Qualit\u00e4t oder Haltbarkeit unserer Kleiderb\u00fcgel zu beeintr\u00e4chtigen. Holz ist lebendig und kann auf Ver\u00e4nderungen der Luftfeuchtigkeit reagieren. Unsere Kleiderb\u00fcgel werden teilweise auch von Hand geformt. Diese handwerkliche Herstellung macht jeden Kleiderb\u00fcgel einzigartig und es k\u00f6nnen sehr leichte Unterschiede zwischen ihnen auftreten.<\/li>\n<\/ul>\n<p>Aus der Mademoiselle-Kollektion wird die Rivage-Kollektion, die weiterhin sanfte Farben aufweist und nun in 9 Modellen f\u00fcr alle Outfits im Kleiderschrank von Damen und Herren erh\u00e4ltlich ist.<\/p>\n<p>Lieferung in wei\u00dfer Geschenkbox mit Logo. Jeder Kleiderb\u00fcgel ist einzeln in eine Schutzh\u00fclle eingewickelt.<\/p>\n<p><img loading=\"lazy\" decoding=\"async\" class=\"alignnone wp-image-10820 size-medium\" src=\"https:\/\/www.mon-cintre.com\/wp-content\/uploads\/2019\/02\/boite-cadeau-300x300.jpg\" alt=\"Boite cadeau Mon cintre\" width=\"300\" height=\"300\" srcset=\"https:\/\/www.mon-cintre.com\/wp-content\/uploads\/2019\/02\/boite-cadeau-300x300.jpg 300w, https:\/\/www.mon-cintre.com\/wp-content\/uploads\/2019\/02\/boite-cadeau-150x150.jpg 150w, https:\/\/www.mon-cintre.com\/wp-content\/uploads\/2019\/02\/boite-cadeau-100x100.jpg 100w, https:\/\/www.mon-cintre.com\/wp-content\/uploads\/2019\/02\/boite-cadeau.jpg 500w\" sizes=\"auto, (max-width: 300px) 100vw, 300px\" \/><\/p>\n<p>&nbsp;<\/p>\n<p>1 Meter Kleiderschrank = 14 Kleiderb\u00fcgel<br \/>\n<img loading=\"lazy\" decoding=\"async\" class=\"alignnone size-full wp-image-147\" src=\"https:\/\/www.mon-cintre.com\/DEV\/wp-content\/uploads\/2018\/08\/17cintres.png\" alt=\"\" width=\"190\" height=\"19\" \/><\/p>\n<p>* Unverbindliche Fotos.<br \/>\nBeachten Sie, dass sich die Farben von Bildschirm zu Bildschirm \u00e4ndern, sodass es trotz der Sorgfalt bei der Qualit\u00e4t unserer Fotos zu Abweichungen zwischen Bildschirm und Realit\u00e4t kommen kann.<\/p>\n","protected":false},"excerpt":{"rendered":"<ul>\n<li>6 Kleiderb\u00fcgel f\u00fcr Mantel, Jacke und Anzug<\/li>\n<li>Wei\u00dfe Farbe gebeizt<\/li>\n<li>Breite 42 cm<\/li>\n<li>Schulterbreite 5 cm<\/li>\n<li>Box mit 6 Kleiderb\u00fcgeln<\/li>\n<li>Handgemacht (<span style=\"text-decoration: underline;\"><a href=\"https:\/\/www.mon-cintre.com\/de\/handgemacht\/\">Erfahren Sie mehr<\/a><\/span>)<\/li>\n<\/ul>\n<p>Bestellen online Sie diese 6er-Packung Holzkleiderb\u00fcgel mit breiten Schultern f\u00fcr Ihre Garderobe \u2013 perfekt zum Aufh\u00e4ngen Ihrer Jacken und M\u00e4ntel, ohne diese zu besch\u00e4digen. Personalisierbar mit Ihren Initialen oder Ihrem Logo (Mindestbestellmenge: 24 Kleiderb\u00fcgel).<\/p>\n","protected":false},"featured_media":32035,"comment_status":"open","ping_status":"closed","template":"","meta":{"inline_featured_image":false},"product_brand":[],"product_cat":[575,635,298,615,308,311,593,630,569,549,312],"product_tag":[],"class_list":{"0":"post-31979","1":"product","2":"type-product","3":"status-publish","4":"has-post-thumbnail","6":"product_cat-arten-kleiderbuegeln-de","7":"product_cat-gebogene-kleiderbuegel","8":"product_cat-holzbugel","9":"product_cat-kleiderbuegel-grosse-42","10":"product_cat-kleiderbugel-fur-frauen","11":"product_cat-kleiderbugel-fur-damenjacken","12":"product_cat-kleiderbuegel-breiten-schultern","13":"product_cat-kleiderbuegel-groesse","14":"product_cat-kleiderbuegelfarben","15":"product_cat-kleiderbuegel","16":"product_cat-mademoiselle-kollektion","18":"first","19":"outofstock","20":"taxable","21":"shipping-taxable","22":"purchasable","23":"product-type-simple"},"yoast_head":"<!-- This site is optimized with the Yoast SEO plugin v27.4 - https:\/\/yoast.com\/product\/yoast-seo-wordpress\/ -->\n<title>6 Kleiderb\u00fcgel f\u00fcr Jacke und M\u00e4ntel - Farbe wei\u00df gebeizt (42 cm)<\/title>\n<meta name=\"description\" content=\"W\u00e4hlen Sie aus dieser Kollektion von Luxus-Kleiderb\u00fcgeln f\u00fcr den Damenkleiderschrank in sanften Wei\u00dft\u00f6nen diese Kleiderb\u00fcgel f\u00fcr Jacke und M\u00e4ntel\" \/>\n<meta name=\"robots\" content=\"index, follow, max-snippet:-1, max-image-preview:large, max-video-preview:-1\" \/>\n<link rel=\"canonical\" href=\"https:\/\/www.mon-cintre.com\/de\/produit\/6-kleiderbugel-jacke-farbe-weis-gebeizt-breite-42-cm-schulter-5-cm\/\" \/>\n<meta property=\"og:locale\" content=\"de_DE\" \/>\n<meta property=\"og:type\" content=\"article\" \/>\n<meta property=\"og:title\" content=\"6 Kleiderb\u00fcgel f\u00fcr Jacke und M\u00e4ntel - Farbe wei\u00df gebeizt (42 cm)\" \/>\n<meta property=\"og:description\" content=\"W\u00e4hlen Sie aus dieser Kollektion von Luxus-Kleiderb\u00fcgeln f\u00fcr den Damenkleiderschrank in sanften Wei\u00dft\u00f6nen diese Kleiderb\u00fcgel f\u00fcr Jacke und M\u00e4ntel\" \/>\n<meta property=\"og:url\" content=\"https:\/\/www.mon-cintre.com\/de\/produit\/6-kleiderbugel-jacke-farbe-weis-gebeizt-breite-42-cm-schulter-5-cm\/\" \/>\n<meta property=\"og:site_name\" content=\"Mon Cintre\" \/>\n<meta property=\"article:modified_time\" content=\"2026-02-11T13:27:12+00:00\" \/>\n<meta property=\"og:image\" content=\"https:\/\/www.mon-cintre.com\/wp-content\/uploads\/2024\/07\/cintre-veste-manteau-CLA4250VES-WW-1-2.jpg\" \/>\n\t<meta property=\"og:image:width\" content=\"2000\" \/>\n\t<meta property=\"og:image:height\" content=\"2000\" \/>\n\t<meta property=\"og:image:type\" content=\"image\/jpeg\" \/>\n<meta name=\"twitter:card\" content=\"summary_large_image\" \/>\n<meta name=\"twitter:label1\" content=\"Gesch\u00e4tzte Lesezeit\" \/>\n\t<meta name=\"twitter:data1\" content=\"2\u00a0Minuten\" \/>\n<script type=\"application\/ld+json\" class=\"yoast-schema-graph\">{\"@context\":\"https:\\\/\\\/schema.org\",\"@graph\":[{\"@type\":\"WebPage\",\"@id\":\"https:\\\/\\\/www.mon-cintre.com\\\/de\\\/produit\\\/6-kleiderbugel-jacke-farbe-weis-gebeizt-breite-42-cm-schulter-5-cm\\\/\",\"url\":\"https:\\\/\\\/www.mon-cintre.com\\\/de\\\/produit\\\/6-kleiderbugel-jacke-farbe-weis-gebeizt-breite-42-cm-schulter-5-cm\\\/\",\"name\":\"6 Kleiderb\u00fcgel f\u00fcr Jacke und M\u00e4ntel - Farbe wei\u00df gebeizt (42 cm)\",\"isPartOf\":{\"@id\":\"https:\\\/\\\/www.mon-cintre.com\\\/de\\\/#website\"},\"primaryImageOfPage\":{\"@id\":\"https:\\\/\\\/www.mon-cintre.com\\\/de\\\/produit\\\/6-kleiderbugel-jacke-farbe-weis-gebeizt-breite-42-cm-schulter-5-cm\\\/#primaryimage\"},\"image\":{\"@id\":\"https:\\\/\\\/www.mon-cintre.com\\\/de\\\/produit\\\/6-kleiderbugel-jacke-farbe-weis-gebeizt-breite-42-cm-schulter-5-cm\\\/#primaryimage\"},\"thumbnailUrl\":\"https:\\\/\\\/www.mon-cintre.com\\\/wp-content\\\/uploads\\\/2024\\\/07\\\/cintre-veste-manteau-CLA4250VES-WW-1-2.jpg\",\"datePublished\":\"2024-07-11T13:43:36+00:00\",\"dateModified\":\"2026-02-11T13:27:12+00:00\",\"description\":\"W\u00e4hlen Sie aus dieser Kollektion von Luxus-Kleiderb\u00fcgeln f\u00fcr den Damenkleiderschrank in sanften Wei\u00dft\u00f6nen diese Kleiderb\u00fcgel f\u00fcr Jacke und M\u00e4ntel\",\"breadcrumb\":{\"@id\":\"https:\\\/\\\/www.mon-cintre.com\\\/de\\\/produit\\\/6-kleiderbugel-jacke-farbe-weis-gebeizt-breite-42-cm-schulter-5-cm\\\/#breadcrumb\"},\"inLanguage\":\"de\",\"potentialAction\":[{\"@type\":\"ReadAction\",\"target\":[\"https:\\\/\\\/www.mon-cintre.com\\\/de\\\/produit\\\/6-kleiderbugel-jacke-farbe-weis-gebeizt-breite-42-cm-schulter-5-cm\\\/\"]}]},{\"@type\":\"ImageObject\",\"inLanguage\":\"de\",\"@id\":\"https:\\\/\\\/www.mon-cintre.com\\\/de\\\/produit\\\/6-kleiderbugel-jacke-farbe-weis-gebeizt-breite-42-cm-schulter-5-cm\\\/#primaryimage\",\"url\":\"https:\\\/\\\/www.mon-cintre.com\\\/wp-content\\\/uploads\\\/2024\\\/07\\\/cintre-veste-manteau-CLA4250VES-WW-1-2.jpg\",\"contentUrl\":\"https:\\\/\\\/www.mon-cintre.com\\\/wp-content\\\/uploads\\\/2024\\\/07\\\/cintre-veste-manteau-CLA4250VES-WW-1-2.jpg\",\"width\":2000,\"height\":2000,\"caption\":\"cintre luxe pour veste et manteau\"},{\"@type\":\"BreadcrumbList\",\"@id\":\"https:\\\/\\\/www.mon-cintre.com\\\/de\\\/produit\\\/6-kleiderbugel-jacke-farbe-weis-gebeizt-breite-42-cm-schulter-5-cm\\\/#breadcrumb\",\"itemListElement\":[{\"@type\":\"ListItem\",\"position\":1,\"name\":\"Accueil\",\"item\":\"https:\\\/\\\/www.mon-cintre.com\\\/de\\\/\"},{\"@type\":\"ListItem\",\"position\":2,\"name\":\"Shop\",\"item\":\"https:\\\/\\\/www.mon-cintre.com\\\/de\\\/shop\\\/\"},{\"@type\":\"ListItem\",\"position\":3,\"name\":\"6 Kleiderb\u00fcgel f\u00fcr Jacke und Mantel &#8211; Farbe wei\u00df gebeizt (Breite 42 cm-Schulter 5 cm)\"}]},{\"@type\":\"WebSite\",\"@id\":\"https:\\\/\\\/www.mon-cintre.com\\\/de\\\/#website\",\"url\":\"https:\\\/\\\/www.mon-cintre.com\\\/de\\\/\",\"name\":\"Mon Cintre\",\"description\":\"Cintres et accessoires de dressing\",\"publisher\":{\"@id\":\"https:\\\/\\\/www.mon-cintre.com\\\/de\\\/#organization\"},\"potentialAction\":[{\"@type\":\"SearchAction\",\"target\":{\"@type\":\"EntryPoint\",\"urlTemplate\":\"https:\\\/\\\/www.mon-cintre.com\\\/de\\\/?s={search_term_string}\"},\"query-input\":{\"@type\":\"PropertyValueSpecification\",\"valueRequired\":true,\"valueName\":\"search_term_string\"}}],\"inLanguage\":\"de\"},{\"@type\":\"Organization\",\"@id\":\"https:\\\/\\\/www.mon-cintre.com\\\/de\\\/#organization\",\"name\":\"Mon Cintre\",\"url\":\"https:\\\/\\\/www.mon-cintre.com\\\/de\\\/\",\"logo\":{\"@type\":\"ImageObject\",\"inLanguage\":\"de\",\"@id\":\"https:\\\/\\\/www.mon-cintre.com\\\/de\\\/#\\\/schema\\\/logo\\\/image\\\/\",\"url\":\"https:\\\/\\\/www.mon-cintre.com\\\/wp-content\\\/uploads\\\/2022\\\/12\\\/logo-blanc.png\",\"contentUrl\":\"https:\\\/\\\/www.mon-cintre.com\\\/wp-content\\\/uploads\\\/2022\\\/12\\\/logo-blanc.png\",\"width\":345,\"height\":205,\"caption\":\"Mon Cintre\"},\"image\":{\"@id\":\"https:\\\/\\\/www.mon-cintre.com\\\/de\\\/#\\\/schema\\\/logo\\\/image\\\/\"}}]}<\/script>\n<!-- \/ Yoast SEO plugin. -->","yoast_head_json":{"title":"6 Kleiderb\u00fcgel f\u00fcr Jacke und M\u00e4ntel - Farbe wei\u00df gebeizt (42 cm)","description":"W\u00e4hlen Sie aus dieser Kollektion von Luxus-Kleiderb\u00fcgeln f\u00fcr den Damenkleiderschrank in sanften Wei\u00dft\u00f6nen diese Kleiderb\u00fcgel f\u00fcr Jacke und M\u00e4ntel","robots":{"index":"index","follow":"follow","max-snippet":"max-snippet:-1","max-image-preview":"max-image-preview:large","max-video-preview":"max-video-preview:-1"},"canonical":"https:\/\/www.mon-cintre.com\/de\/produit\/6-kleiderbugel-jacke-farbe-weis-gebeizt-breite-42-cm-schulter-5-cm\/","og_locale":"de_DE","og_type":"article","og_title":"6 Kleiderb\u00fcgel f\u00fcr Jacke und M\u00e4ntel - Farbe wei\u00df gebeizt (42 cm)","og_description":"W\u00e4hlen Sie aus dieser Kollektion von Luxus-Kleiderb\u00fcgeln f\u00fcr den Damenkleiderschrank in sanften Wei\u00dft\u00f6nen diese Kleiderb\u00fcgel f\u00fcr Jacke und M\u00e4ntel","og_url":"https:\/\/www.mon-cintre.com\/de\/produit\/6-kleiderbugel-jacke-farbe-weis-gebeizt-breite-42-cm-schulter-5-cm\/","og_site_name":"Mon Cintre","article_modified_time":"2026-02-11T13:27:12+00:00","og_image":[{"width":2000,"height":2000,"url":"https:\/\/www.mon-cintre.com\/wp-content\/uploads\/2024\/07\/cintre-veste-manteau-CLA4250VES-WW-1-2.jpg","type":"image\/jpeg"}],"twitter_card":"summary_large_image","twitter_misc":{"Gesch\u00e4tzte Lesezeit":"2\u00a0Minuten"},"schema":{"@context":"https:\/\/schema.org","@graph":[{"@type":"WebPage","@id":"https:\/\/www.mon-cintre.com\/de\/produit\/6-kleiderbugel-jacke-farbe-weis-gebeizt-breite-42-cm-schulter-5-cm\/","url":"https:\/\/www.mon-cintre.com\/de\/produit\/6-kleiderbugel-jacke-farbe-weis-gebeizt-breite-42-cm-schulter-5-cm\/","name":"6 Kleiderb\u00fcgel f\u00fcr Jacke und M\u00e4ntel - Farbe wei\u00df gebeizt (42 cm)","isPartOf":{"@id":"https:\/\/www.mon-cintre.com\/de\/#website"},"primaryImageOfPage":{"@id":"https:\/\/www.mon-cintre.com\/de\/produit\/6-kleiderbugel-jacke-farbe-weis-gebeizt-breite-42-cm-schulter-5-cm\/#primaryimage"},"image":{"@id":"https:\/\/www.mon-cintre.com\/de\/produit\/6-kleiderbugel-jacke-farbe-weis-gebeizt-breite-42-cm-schulter-5-cm\/#primaryimage"},"thumbnailUrl":"https:\/\/www.mon-cintre.com\/wp-content\/uploads\/2024\/07\/cintre-veste-manteau-CLA4250VES-WW-1-2.jpg","datePublished":"2024-07-11T13:43:36+00:00","dateModified":"2026-02-11T13:27:12+00:00","description":"W\u00e4hlen Sie aus dieser Kollektion von Luxus-Kleiderb\u00fcgeln f\u00fcr den Damenkleiderschrank in sanften Wei\u00dft\u00f6nen diese Kleiderb\u00fcgel f\u00fcr Jacke und M\u00e4ntel","breadcrumb":{"@id":"https:\/\/www.mon-cintre.com\/de\/produit\/6-kleiderbugel-jacke-farbe-weis-gebeizt-breite-42-cm-schulter-5-cm\/#breadcrumb"},"inLanguage":"de","potentialAction":[{"@type":"ReadAction","target":["https:\/\/www.mon-cintre.com\/de\/produit\/6-kleiderbugel-jacke-farbe-weis-gebeizt-breite-42-cm-schulter-5-cm\/"]}]},{"@type":"ImageObject","inLanguage":"de","@id":"https:\/\/www.mon-cintre.com\/de\/produit\/6-kleiderbugel-jacke-farbe-weis-gebeizt-breite-42-cm-schulter-5-cm\/#primaryimage","url":"https:\/\/www.mon-cintre.com\/wp-content\/uploads\/2024\/07\/cintre-veste-manteau-CLA4250VES-WW-1-2.jpg","contentUrl":"https:\/\/www.mon-cintre.com\/wp-content\/uploads\/2024\/07\/cintre-veste-manteau-CLA4250VES-WW-1-2.jpg","width":2000,"height":2000,"caption":"cintre luxe pour veste et manteau"},{"@type":"BreadcrumbList","@id":"https:\/\/www.mon-cintre.com\/de\/produit\/6-kleiderbugel-jacke-farbe-weis-gebeizt-breite-42-cm-schulter-5-cm\/#breadcrumb","itemListElement":[{"@type":"ListItem","position":1,"name":"Accueil","item":"https:\/\/www.mon-cintre.com\/de\/"},{"@type":"ListItem","position":2,"name":"Shop","item":"https:\/\/www.mon-cintre.com\/de\/shop\/"},{"@type":"ListItem","position":3,"name":"6 Kleiderb\u00fcgel f\u00fcr Jacke und Mantel &#8211; Farbe wei\u00df gebeizt (Breite 42 cm-Schulter 5 cm)"}]},{"@type":"WebSite","@id":"https:\/\/www.mon-cintre.com\/de\/#website","url":"https:\/\/www.mon-cintre.com\/de\/","name":"Mon Cintre","description":"Cintres et accessoires de dressing","publisher":{"@id":"https:\/\/www.mon-cintre.com\/de\/#organization"},"potentialAction":[{"@type":"SearchAction","target":{"@type":"EntryPoint","urlTemplate":"https:\/\/www.mon-cintre.com\/de\/?s={search_term_string}"},"query-input":{"@type":"PropertyValueSpecification","valueRequired":true,"valueName":"search_term_string"}}],"inLanguage":"de"},{"@type":"Organization","@id":"https:\/\/www.mon-cintre.com\/de\/#organization","name":"Mon Cintre","url":"https:\/\/www.mon-cintre.com\/de\/","logo":{"@type":"ImageObject","inLanguage":"de","@id":"https:\/\/www.mon-cintre.com\/de\/#\/schema\/logo\/image\/","url":"https:\/\/www.mon-cintre.com\/wp-content\/uploads\/2022\/12\/logo-blanc.png","contentUrl":"https:\/\/www.mon-cintre.com\/wp-content\/uploads\/2022\/12\/logo-blanc.png","width":345,"height":205,"caption":"Mon Cintre"},"image":{"@id":"https:\/\/www.mon-cintre.com\/de\/#\/schema\/logo\/image\/"}}]}},"_links":{"self":[{"href":"https:\/\/www.mon-cintre.com\/de\/wp-json\/wp\/v2\/product\/31979","targetHints":{"allow":["GET"]}}],"collection":[{"href":"https:\/\/www.mon-cintre.com\/de\/wp-json\/wp\/v2\/product"}],"about":[{"href":"https:\/\/www.mon-cintre.com\/de\/wp-json\/wp\/v2\/types\/product"}],"replies":[{"embeddable":true,"href":"https:\/\/www.mon-cintre.com\/de\/wp-json\/wp\/v2\/comments?post=31979"}],"wp:featuredmedia":[{"embeddable":true,"href":"https:\/\/www.mon-cintre.com\/de\/wp-json\/wp\/v2\/media\/32035"}],"wp:attachment":[{"href":"https:\/\/www.mon-cintre.com\/de\/wp-json\/wp\/v2\/media?parent=31979"}],"wp:term":[{"taxonomy":"product_brand","embeddable":true,"href":"https:\/\/www.mon-cintre.com\/de\/wp-json\/wp\/v2\/product_brand?post=31979"},{"taxonomy":"product_cat","embeddable":true,"href":"https:\/\/www.mon-cintre.com\/de\/wp-json\/wp\/v2\/product_cat?post=31979"},{"taxonomy":"product_tag","embeddable":true,"href":"https:\/\/www.mon-cintre.com\/de\/wp-json\/wp\/v2\/product_tag?post=31979"}],"curies":[{"name":"wp","href":"https:\/\/api.w.org\/{rel}","templated":true}]}}